{"id":9555,"date":"2023-10-20T11:10:39","date_gmt":"2023-10-20T11:10:39","guid":{"rendered":"https:\/\/bridge499.qodeinteractive.com\/?page_id=9555"},"modified":"2025-04-25T09:07:02","modified_gmt":"2025-04-25T09:07:02","slug":"atelier","status":"publish","type":"page","link":"https:\/\/www.rvdm.pt\/en\/atelier\/","title":{"rendered":"Atelier"},"content":{"rendered":"<div data-elementor-type=\"wp-page\" data-elementor-id=\"9555\" class=\"elementor elementor-9555\">\n\t\t\t\t<div class=\"elementor-element elementor-element-ebdbdab e-con-full e-flex parallax_section_no qode_elementor_container_no e-con e-parent\" data-id=\"ebdbdab\" data-element_type=\"container\" data-e-type=\"container\">\n\t\t\t\t<div class=\"elementor-element elementor-element-9df21ad elementor-widget__width-initial elementor-widget elementor-widget-text-editor\" data-id=\"9df21ad\" data-element_type=\"widget\" data-e-type=\"widget\" data-widget_type=\"text-editor.default\">\n\t\t\t\t<div class=\"elementor-widget-container\">\n\t\t\t\t\t\t\t\t\t<h1 class=\"qodef-m-title\">RVDM, architects, founded in 1997 <br \/>and has developed numerous projects in the fields of housing, services and retail, urban design, hospitality, interiors and design.<\/h1>\t\t\t\t\t\t\t\t<\/div>\n\t\t\t\t<\/div>\n\t\t\t\t<\/div>\n\t\t<div class=\"elementor-element elementor-element-4aa304a e-con-full e-flex parallax_section_no qode_elementor_container_no e-con e-parent\" data-id=\"4aa304a\" data-element_type=\"container\" data-e-type=\"container\" data-settings=\"{&quot;background_background&quot;:&quot;classic&quot;}\">\n\t\t<div class=\"elementor-element elementor-element-10343cf e-con-full e-flex parallax_section_no qode_elementor_container_no e-con e-child\" data-id=\"10343cf\" data-element_type=\"container\" data-e-type=\"container\">\n\t\t\t\t<div class=\"elementor-element elementor-element-ece96c9 elementor-widget elementor-widget-heading\" data-id=\"ece96c9\" data-element_type=\"widget\" data-e-type=\"widget\" data-widget_type=\"heading.default\">\n\t\t\t\t<div class=\"elementor-widget-container\">\n\t\t\t\t\t<h3 class=\"elementor-heading-title elementor-size-default\">DESIGNING SPACES SINCE 1996<\/h3>\t\t\t\t<\/div>\n\t\t\t\t<\/div>\n\t\t\t\t<\/div>\n\t\t\t\t<\/div>\n\t\t<div class=\"elementor-element elementor-element-1c28ee2 e-con-full e-flex parallax_section_no qode_elementor_container_no e-con e-parent\" data-id=\"1c28ee2\" data-element_type=\"container\" data-e-type=\"container\" data-settings=\"{&quot;background_background&quot;:&quot;classic&quot;}\">\n\t\t<div class=\"elementor-element elementor-element-0ef3719 e-con-full e-flex parallax_section_no qode_elementor_container_no e-con e-child\" data-id=\"0ef3719\" data-element_type=\"container\" data-e-type=\"container\">\n\t\t\t\t<div class=\"elementor-element elementor-element-2479366 elementor-widget__width-initial elementor-widget elementor-widget-qi_addons_for_elementor_section_title\" data-id=\"2479366\" data-element_type=\"widget\" data-e-type=\"widget\" data-widget_type=\"qi_addons_for_elementor_section_title.default\">\n\t\t\t\t<div class=\"elementor-widget-container\">\n\t\t\t\t\t<div class=\"qodef-shortcode qodef-m qodef-qi-section-title qodef-decoration--italic qodef-link--underline-draw qodef-subtitle-icon--left\">\n\t\t\t\t\t\t<h4 class=\"qodef-m-title\" data-no-translation=\"\">\n\t\tRicardo Vieira de Melo\t<\/h4>\n\t\t\t<div class=\"qodef-m-text\"><p>PhD in Architecture from the Universidade Lus\u00edada - Oporto in 2016, and holds a Master's degree in\nDesign from FAUP - The Faculty of Architecture of Oporto in 1998. Architect from the Faculty of\nArchitecture of Lisbon in 1989. Believes that architecture is a privileged mean of improving the quality of life and human comfort, while respecting memory, biodiversity and the environment, and that project design is a powerful political instrument for proposing, organizing and anticipating.<\/p><p>\u00a0<\/p><p>Teacher of Architecture at the Universidade Lus\u00edada of Oporto since 1994, he coordinates the 2nd year\nof the course and the Postgraduate Course in \u2018Digital Practices\u2019. Guest Professor on the Design Course at the University of Aveiro in 1997\/98.<\/p><p>\u00a0<\/p><p>President of the Disciplinary Council of the Center Section of the Portuguese Order of Architects,\nbetween 2020 and 2023. He was President of the Aveiro Architects' Association between 2007 and 2010, as well as National Delegate in the three-year period from 2010 to 2013 in Lisbon.\u00a0<\/p><p>\u00a0<\/p><p>With a studio in Aveiro, founded RVDM, arquitectos Lda in 1997. A winner of national and international design competitions, his portfolio includes completed public and private projects across the country, from north to south. His work has been published in Portugal, Spain, France, the Netherlands, Finland, Russia, Greece, the United Arab Emirates, China, South Korea, Japan, the United States and Brazil, and a monograph on his work was published by Archinews #50 in 2021.<\/p><\/div>\n\t<\/div>\n\t\t\t\t<\/div>\n\t\t\t\t<\/div>\n\t\t\t\t<\/div>\n\t\t<div class=\"elementor-element elementor-element-ab2d472 e-con-full e-flex parallax_section_no qode_elementor_container_no e-con e-child\" data-id=\"ab2d472\" data-element_type=\"container\" data-e-type=\"container\">\n\t\t\t\t<div class=\"elementor-element elementor-element-dcf7a0d elementor-widget__width-initial elementor-widget elementor-widget-bridge_image_gallery\" data-id=\"dcf7a0d\" data-element_type=\"widget\" data-e-type=\"widget\" data-widget_type=\"bridge_image_gallery.default\">\n\t\t\t\t<div class=\"elementor-widget-container\">\n\t\t\t\t\t<div class=\"qode-image-gallery\"><div class=\"qode-image-gallery-inner\"><div class=\"qode-image-gallery-slides drag_enabled wpb_image_grid\" data-interval=\"\"data-drag=\"true\"><div class=\"gallery_holder\"><ul class=\"gallery_inner   v0\"><li class=\"no_grayscale\"><img decoding=\"async\" src=\"https:\/\/www.rvdm.pt\/wp-content\/uploads\/2025\/01\/RVDM-arquitectos-1.jpg\" alt=\"\" \/><\/li><\/ul><\/div><\/div><\/div><\/div>\t\t\t\t<\/div>\n\t\t\t\t<\/div>\n\t\t\t\t<\/div>\n\t\t\t\t<\/div>\n\t\t<div class=\"elementor-element elementor-element-54850c1 e-con-full e-flex parallax_section_no qode_elementor_container_no e-con e-parent\" data-id=\"54850c1\" data-element_type=\"container\" data-e-type=\"container\" data-settings=\"{&quot;background_background&quot;:&quot;classic&quot;}\">\n\t\t<div class=\"elementor-element elementor-element-54a3ce5 e-con-full e-flex parallax_section_no qode_elementor_container_no e-con e-child\" data-id=\"54a3ce5\" data-element_type=\"container\" data-e-type=\"container\">\n\t\t\t\t<div class=\"elementor-element elementor-element-4db0e04 elementor-widget__width-initial elementor-widget elementor-widget-text-editor\" data-id=\"4db0e04\" data-element_type=\"widget\" data-e-type=\"widget\" data-widget_type=\"text-editor.default\">\n\t\t\t\t<div class=\"elementor-widget-container\">\n\t\t\t\t\t\t\t\t\t<h2>We offer a range of services in the fields of architecture and interior design.<\/h2>\t\t\t\t\t\t\t\t<\/div>\n\t\t\t\t<\/div>\n\t\t\t\t<\/div>\n\t\t<div class=\"elementor-element elementor-element-2ee8a84 e-con-full e-flex parallax_section_no qode_elementor_container_no e-con e-child\" data-id=\"2ee8a84\" data-element_type=\"container\" data-e-type=\"container\">\n\t\t\t\t<div class=\"elementor-element elementor-element-75c4332 elementor-widget elementor-widget-n-accordion\" data-id=\"75c4332\" data-element_type=\"widget\" data-e-type=\"widget\" data-settings=\"{&quot;default_state&quot;:&quot;expanded&quot;,&quot;max_items_expended&quot;:&quot;one&quot;,&quot;n_accordion_animation_duration&quot;:{&quot;unit&quot;:&quot;ms&quot;,&quot;size&quot;:400,&quot;sizes&quot;:[]}}\" data-widget_type=\"nested-accordion.default\">\n\t\t\t\t<div class=\"elementor-widget-container\">\n\t\t\t\t\t\t\t<div class=\"e-n-accordion\" aria-label=\"Accordion. Open links with Enter or Space, close with Escape, and navigate with Arrow Keys\">\n\t\t\t\t\t\t<details id=\"e-n-accordion-item-1230\" class=\"e-n-accordion-item\" open>\n\t\t\t\t<summary class=\"e-n-accordion-item-title\" data-accordion-index=\"1\" tabindex=\"0\" aria-expanded=\"true\" aria-controls=\"e-n-accordion-item-1230\" >\n\t\t\t\t\t<span class='e-n-accordion-item-title-header'><h4 class=\"e-n-accordion-item-title-text\" data-no-translation=\"\"> Casas <\/h4><\/span>\n\t\t\t\t\t\t\t<span class='e-n-accordion-item-title-icon'>\n\t\t\t<span class='e-opened' ><svg aria-hidden=\"true\" class=\"e-font-icon-svg e-fas-minus\" viewbox=\"0 0 448 512\" xmlns=\"http:\/\/www.w3.org\/2000\/svg\"><path d=\"M416 208H32c-17.67 0-32 14.33-32 32v32c0 17.67 14.33 32 32 32h384c17.67 0 32-14.33 32-32v-32c0-17.67-14.33-32-32-32z\"><\/path><\/svg><\/span>\n\t\t\t<span class='e-closed'><svg aria-hidden=\"true\" class=\"e-font-icon-svg e-fas-plus\" viewbox=\"0 0 448 512\" xmlns=\"http:\/\/www.w3.org\/2000\/svg\"><path d=\"M416 208H272V64c0-17.67-14.33-32-32-32h-32c-17.67 0-32 14.33-32 32v144H32c-17.67 0-32 14.33-32 32v32c0 17.67 14.33 32 32 32h144v144c0 17.67 14.33 32 32 32h32c17.67 0 32-14.33 32-32V304h144c17.67 0 32-14.33 32-32v-32c0-17.67-14.33-32-32-32z\"><\/path><\/svg><\/span>\n\t\t<\/span>\n\n\t\t\t\t\t\t<\/summary>\n\t\t\t\t<div role=\"region\" aria-labelledby=\"e-n-accordion-item-1230\" class=\"elementor-element elementor-element-7d9f619 e-con-full e-flex parallax_section_no qode_elementor_container_no e-con e-child\" data-id=\"7d9f619\" data-element_type=\"container\" data-e-type=\"container\">\n\t\t\t\t<div class=\"elementor-element elementor-element-23a7a0b elementor-widget elementor-widget-text-editor\" data-id=\"23a7a0b\" data-element_type=\"widget\" data-e-type=\"widget\" data-widget_type=\"text-editor.default\">\n\t\t\t\t<div class=\"elementor-widget-container\">\n\t\t\t\t\t\t\t\t\t<p>Single-family houses are a constant challenge.<\/p><p>The housing program, despite being core to the disciplinary field, is always changing.<\/p><p>At RVDM we investigate specific solutions for each family or developer.<\/p><p class=\"p1\">Our goal aims to be close to the client\u2019s desires, enhancing comfort with better savings! <\/p>\t\t\t\t\t\t\t\t<\/div>\n\t\t\t\t<\/div>\n\t\t\t\t<\/div>\n\t\t\t\t\t<\/details>\n\t\t\t\t\t\t<details id=\"e-n-accordion-item-1231\" class=\"e-n-accordion-item\" >\n\t\t\t\t<summary class=\"e-n-accordion-item-title\" data-accordion-index=\"2\" tabindex=\"-1\" aria-expanded=\"false\" aria-controls=\"e-n-accordion-item-1231\" >\n\t\t\t\t\t<span class='e-n-accordion-item-title-header'><h4 class=\"e-n-accordion-item-title-text\" data-no-translation=\"\"> Habita\u00e7\u00e3o coletiva <\/h4><\/span>\n\t\t\t\t\t\t\t<span class='e-n-accordion-item-title-icon'>\n\t\t\t<span class='e-opened' ><svg aria-hidden=\"true\" class=\"e-font-icon-svg e-fas-minus\" viewbox=\"0 0 448 512\" xmlns=\"http:\/\/www.w3.org\/2000\/svg\"><path d=\"M416 208H32c-17.67 0-32 14.33-32 32v32c0 17.67 14.33 32 32 32h384c17.67 0 32-14.33 32-32v-32c0-17.67-14.33-32-32-32z\"><\/path><\/svg><\/span>\n\t\t\t<span class='e-closed'><svg aria-hidden=\"true\" class=\"e-font-icon-svg e-fas-plus\" viewbox=\"0 0 448 512\" xmlns=\"http:\/\/www.w3.org\/2000\/svg\"><path d=\"M416 208H272V64c0-17.67-14.33-32-32-32h-32c-17.67 0-32 14.33-32 32v144H32c-17.67 0-32 14.33-32 32v32c0 17.67 14.33 32 32 32h144v144c0 17.67 14.33 32 32 32h32c17.67 0 32-14.33 32-32V304h144c17.67 0 32-14.33 32-32v-32c0-17.67-14.33-32-32-32z\"><\/path><\/svg><\/span>\n\t\t<\/span>\n\n\t\t\t\t\t\t<\/summary>\n\t\t\t\t<div role=\"region\" aria-labelledby=\"e-n-accordion-item-1231\" class=\"elementor-element elementor-element-8055571 e-con-full e-flex parallax_section_no qode_elementor_container_no e-con e-child\" data-id=\"8055571\" data-element_type=\"container\" data-e-type=\"container\">\n\t\t\t\t<div class=\"elementor-element elementor-element-efc682b elementor-widget elementor-widget-text-editor\" data-id=\"efc682b\" data-element_type=\"widget\" data-e-type=\"widget\" data-widget_type=\"text-editor.default\">\n\t\t\t\t<div class=\"elementor-widget-container\">\n\t\t\t\t\t\t\t\t\t<p>Living collectively requires careful design in order to obtain economic venues, environmental gains,\nsafety, and comfort.\u00a0<\/p><p>At RVDM we seek to add value to each developer's project, with innovation.<\/p><p>Citizens live better with more space, light and freedom!<\/p>\t\t\t\t\t\t\t\t<\/div>\n\t\t\t\t<\/div>\n\t\t\t\t<\/div>\n\t\t\t\t\t<\/details>\n\t\t\t\t\t\t<details id=\"e-n-accordion-item-1232\" class=\"e-n-accordion-item\" >\n\t\t\t\t<summary class=\"e-n-accordion-item-title\" data-accordion-index=\"3\" tabindex=\"-1\" aria-expanded=\"false\" aria-controls=\"e-n-accordion-item-1232\" >\n\t\t\t\t\t<span class='e-n-accordion-item-title-header'><h4 class=\"e-n-accordion-item-title-text\" data-no-translation=\"\"> Equipamento, Com\u00e9rcio e Servi\u00e7os <\/h4><\/span>\n\t\t\t\t\t\t\t<span class='e-n-accordion-item-title-icon'>\n\t\t\t<span class='e-opened' ><svg aria-hidden=\"true\" class=\"e-font-icon-svg e-fas-minus\" viewbox=\"0 0 448 512\" xmlns=\"http:\/\/www.w3.org\/2000\/svg\"><path d=\"M416 208H32c-17.67 0-32 14.33-32 32v32c0 17.67 14.33 32 32 32h384c17.67 0 32-14.33 32-32v-32c0-17.67-14.33-32-32-32z\"><\/path><\/svg><\/span>\n\t\t\t<span class='e-closed'><svg aria-hidden=\"true\" class=\"e-font-icon-svg e-fas-plus\" viewbox=\"0 0 448 512\" xmlns=\"http:\/\/www.w3.org\/2000\/svg\"><path d=\"M416 208H272V64c0-17.67-14.33-32-32-32h-32c-17.67 0-32 14.33-32 32v144H32c-17.67 0-32 14.33-32 32v32c0 17.67 14.33 32 32 32h144v144c0 17.67 14.33 32 32 32h32c17.67 0 32-14.33 32-32V304h144c17.67 0 32-14.33 32-32v-32c0-17.67-14.33-32-32-32z\"><\/path><\/svg><\/span>\n\t\t<\/span>\n\n\t\t\t\t\t\t<\/summary>\n\t\t\t\t<div role=\"region\" aria-labelledby=\"e-n-accordion-item-1232\" class=\"elementor-element elementor-element-4120a97 e-con-full e-flex parallax_section_no qode_elementor_container_no e-con e-child\" data-id=\"4120a97\" data-element_type=\"container\" data-e-type=\"container\">\n\t\t\t\t<div class=\"elementor-element elementor-element-fb8990a elementor-widget elementor-widget-text-editor\" data-id=\"fb8990a\" data-element_type=\"widget\" data-e-type=\"widget\" data-widget_type=\"text-editor.default\">\n\t\t\t\t<div class=\"elementor-widget-container\">\n\t\t\t\t\t\t\t\t\t<p>Public buildings are often urban landmarks that help people to have better urban experiences while\nliving in shared space.\u00a0<\/p><p>At RVDM we design spaces for a qualified experience of public places.<\/p>\t\t\t\t\t\t\t\t<\/div>\n\t\t\t\t<\/div>\n\t\t\t\t<\/div>\n\t\t\t\t\t<\/details>\n\t\t\t\t\t\t<details id=\"e-n-accordion-item-1233\" class=\"e-n-accordion-item\" >\n\t\t\t\t<summary class=\"e-n-accordion-item-title\" data-accordion-index=\"4\" tabindex=\"-1\" aria-expanded=\"false\" aria-controls=\"e-n-accordion-item-1233\" >\n\t\t\t\t\t<span class='e-n-accordion-item-title-header'><h4 class=\"e-n-accordion-item-title-text\" data-no-translation=\"\"> Desenho urbano <\/h4><\/span>\n\t\t\t\t\t\t\t<span class='e-n-accordion-item-title-icon'>\n\t\t\t<span class='e-opened' ><svg aria-hidden=\"true\" class=\"e-font-icon-svg e-fas-minus\" viewbox=\"0 0 448 512\" xmlns=\"http:\/\/www.w3.org\/2000\/svg\"><path d=\"M416 208H32c-17.67 0-32 14.33-32 32v32c0 17.67 14.33 32 32 32h384c17.67 0 32-14.33 32-32v-32c0-17.67-14.33-32-32-32z\"><\/path><\/svg><\/span>\n\t\t\t<span class='e-closed'><svg aria-hidden=\"true\" class=\"e-font-icon-svg e-fas-plus\" viewbox=\"0 0 448 512\" xmlns=\"http:\/\/www.w3.org\/2000\/svg\"><path d=\"M416 208H272V64c0-17.67-14.33-32-32-32h-32c-17.67 0-32 14.33-32 32v144H32c-17.67 0-32 14.33-32 32v32c0 17.67 14.33 32 32 32h144v144c0 17.67 14.33 32 32 32h32c17.67 0 32-14.33 32-32V304h144c17.67 0 32-14.33 32-32v-32c0-17.67-14.33-32-32-32z\"><\/path><\/svg><\/span>\n\t\t<\/span>\n\n\t\t\t\t\t\t<\/summary>\n\t\t\t\t<div role=\"region\" aria-labelledby=\"e-n-accordion-item-1233\" class=\"elementor-element elementor-element-c00354c e-flex e-con-boxed parallax_section_no qode_elementor_container_no e-con e-child\" data-id=\"c00354c\" data-element_type=\"container\" data-e-type=\"container\">\n\t\t\t\t\t<div class=\"e-con-inner\">\n\t\t\t\t<div class=\"elementor-element elementor-element-77919c0 elementor-widget elementor-widget-text-editor\" data-id=\"77919c0\" data-element_type=\"widget\" data-e-type=\"widget\" data-widget_type=\"text-editor.default\">\n\t\t\t\t<div class=\"elementor-widget-container\">\n\t\t\t\t\t\t\t\t\t<p>Cities and humanized territories require multidisciplinary design, where architecture plays a significant coordinating role. Different programs work better when there is a common strategy for wider goals.<\/p><p>At RVDM, public space must be a place for everyone, prioritizing mobility, inclusivity, landscape, acoustic\nand climatic comfort.\u00a0\u00a0\u00a0<\/p>\t\t\t\t\t\t\t\t<\/div>\n\t\t\t\t<\/div>\n\t\t\t\t\t<\/div>\n\t\t\t\t<\/div>\n\t\t\t\t\t<\/details>\n\t\t\t\t\t\t<details id=\"e-n-accordion-item-1234\" class=\"e-n-accordion-item\" >\n\t\t\t\t<summary class=\"e-n-accordion-item-title\" data-accordion-index=\"5\" tabindex=\"-1\" aria-expanded=\"false\" aria-controls=\"e-n-accordion-item-1234\" >\n\t\t\t\t\t<span class='e-n-accordion-item-title-header'><h4 class=\"e-n-accordion-item-title-text\" data-no-translation=\"\"> Concursos <\/h4><\/span>\n\t\t\t\t\t\t\t<span class='e-n-accordion-item-title-icon'>\n\t\t\t<span class='e-opened' ><svg aria-hidden=\"true\" class=\"e-font-icon-svg e-fas-minus\" viewbox=\"0 0 448 512\" xmlns=\"http:\/\/www.w3.org\/2000\/svg\"><path d=\"M416 208H32c-17.67 0-32 14.33-32 32v32c0 17.67 14.33 32 32 32h384c17.67 0 32-14.33 32-32v-32c0-17.67-14.33-32-32-32z\"><\/path><\/svg><\/span>\n\t\t\t<span class='e-closed'><svg aria-hidden=\"true\" class=\"e-font-icon-svg e-fas-plus\" viewbox=\"0 0 448 512\" xmlns=\"http:\/\/www.w3.org\/2000\/svg\"><path d=\"M416 208H272V64c0-17.67-14.33-32-32-32h-32c-17.67 0-32 14.33-32 32v144H32c-17.67 0-32 14.33-32 32v32c0 17.67 14.33 32 32 32h144v144c0 17.67 14.33 32 32 32h32c17.67 0 32-14.33 32-32V304h144c17.67 0 32-14.33 32-32v-32c0-17.67-14.33-32-32-32z\"><\/path><\/svg><\/span>\n\t\t<\/span>\n\n\t\t\t\t\t\t<\/summary>\n\t\t\t\t<div role=\"region\" aria-labelledby=\"e-n-accordion-item-1234\" class=\"elementor-element elementor-element-50972e6 e-flex e-con-boxed parallax_section_no qode_elementor_container_no e-con e-child\" data-id=\"50972e6\" data-element_type=\"container\" data-e-type=\"container\">\n\t\t\t\t\t<div class=\"e-con-inner\">\n\t\t\t\t<div class=\"elementor-element elementor-element-9dddd98 elementor-widget elementor-widget-text-editor\" data-id=\"9dddd98\" data-element_type=\"widget\" data-e-type=\"widget\" data-widget_type=\"text-editor.default\">\n\t\t\t\t<div class=\"elementor-widget-container\">\n\t\t\t\t\t\t\t\t\t<p>Public competitions, duly prepared, evaluated and rewarded, are moments of research and appreciation\namong peers, allowing our team for improved responses to the different programs requested.<\/p><p>RVDM is pleased to have won some of the competitions in which we participated.<\/p>\t\t\t\t\t\t\t\t<\/div>\n\t\t\t\t<\/div>\n\t\t\t\t\t<\/div>\n\t\t\t\t<\/div>\n\t\t\t\t\t<\/details>\n\t\t\t\t\t<\/div>\n\t\t\t\t\t\t<\/div>\n\t\t\t\t<\/div>\n\t\t\t\t<\/div>\n\t\t\t\t<\/div>\n\t\t<div class=\"elementor-element elementor-element-ad67335 e-con-full e-flex parallax_section_no qode_elementor_container_no e-con e-parent\" data-id=\"ad67335\" data-element_type=\"container\" data-e-type=\"container\" data-settings=\"{&quot;background_background&quot;:&quot;classic&quot;}\">\n\t\t<div class=\"elementor-element elementor-element-960492b e-con-full e-flex parallax_section_no qode_elementor_container_no e-con e-child\" data-id=\"960492b\" data-element_type=\"container\" data-e-type=\"container\" data-settings=\"{&quot;background_background&quot;:&quot;classic&quot;}\">\n\t\t\t\t<div class=\"elementor-element elementor-element-95c06f7 elementor-widget elementor-widget-heading\" data-id=\"95c06f7\" data-element_type=\"widget\" data-e-type=\"widget\" data-widget_type=\"heading.default\">\n\t\t\t\t<div class=\"elementor-widget-container\">\n\t\t\t\t\t<h6 class=\"elementor-heading-title elementor-size-default\">Awards and honours<\/h6>\t\t\t\t<\/div>\n\t\t\t\t<\/div>\n\t\t\t\t<\/div>\n\t\t<div class=\"elementor-element elementor-element-4ed25de e-con-full e-flex parallax_section_no qode_elementor_container_no e-con e-child\" data-id=\"4ed25de\" data-element_type=\"container\" data-e-type=\"container\">\n\t\t\t\t<div class=\"elementor-element elementor-element-014a237 elementor-widget-tablet__width-initial elementor-widget elementor-widget-text-editor\" data-id=\"014a237\" data-element_type=\"widget\" data-e-type=\"widget\" data-widget_type=\"text-editor.default\">\n\t\t\t\t<div class=\"elementor-widget-container\">\n\t\t\t\t\t\t\t\t\t<p style=\"font-weight: 400;\"><strong>2024 <\/strong><\/p><p style=\"font-weight: 400;\"><strong>1st Prize<\/strong> Praia da Barra Urban Park \u2013 Municipality of \u00cdlhavo.<\/p>\t\t\t\t\t\t\t\t<\/div>\n\t\t\t\t<\/div>\n\t\t\t\t<div class=\"elementor-element elementor-element-37f24d5 elementor-widget-tablet__width-initial elementor-widget elementor-widget-text-editor\" data-id=\"37f24d5\" data-element_type=\"widget\" data-e-type=\"widget\" data-widget_type=\"text-editor.default\">\n\t\t\t\t<div class=\"elementor-widget-container\">\n\t\t\t\t\t\t\t\t\t<p style=\"font-weight: 400;\"><strong>2022<\/strong><\/p><p style=\"font-weight: 400;\"><strong>3rd Prize<\/strong>\u00a0Urban Design of the Former Aveiro Fish Market Area \u2013 Municipality of Aveiro.<\/p>\t\t\t\t\t\t\t\t<\/div>\n\t\t\t\t<\/div>\n\t\t\t\t<div class=\"elementor-element elementor-element-0e15108 elementor-widget-tablet__width-initial elementor-widget elementor-widget-text-editor\" data-id=\"0e15108\" data-element_type=\"widget\" data-e-type=\"widget\" data-widget_type=\"text-editor.default\">\n\t\t\t\t<div class=\"elementor-widget-container\">\n\t\t\t\t\t\t\t\t\t<p style=\"font-weight: 400;\"><strong>2022<\/strong><\/p><p style=\"font-weight: 400;\"><strong>6th Prize <\/strong>Affordable Housing \u2013 Former Luzoestela in Aveiro, IHRU development.<\/p>\t\t\t\t\t\t\t\t<\/div>\n\t\t\t\t<\/div>\n\t\t\t\t<div class=\"elementor-element elementor-element-7cddd12 elementor-widget-tablet__width-initial elementor-widget elementor-widget-text-editor\" data-id=\"7cddd12\" data-element_type=\"widget\" data-e-type=\"widget\" data-widget_type=\"text-editor.default\">\n\t\t\t\t<div class=\"elementor-widget-container\">\n\t\t\t\t\t\t\t\t\t<p style=\"font-weight: 400;\"><strong>2019<\/strong><\/p><p style=\"font-weight: 400;\"><strong>1st Prize<\/strong> Porto\u2013Porta Nova de Faro extension, Municipality of Faro.<\/p>\t\t\t\t\t\t\t\t<\/div>\n\t\t\t\t<\/div>\n\t\t\t\t<div class=\"elementor-element elementor-element-a051f3b elementor-widget-tablet__width-initial elementor-widget elementor-widget-text-editor\" data-id=\"a051f3b\" data-element_type=\"widget\" data-e-type=\"widget\" data-widget_type=\"text-editor.default\">\n\t\t\t\t<div class=\"elementor-widget-container\">\n\t\t\t\t\t\t\t\t\t<p style=\"font-weight: 400;\"><strong>2017<\/strong><\/p><p style=\"font-weight: 400;\"><strong>1st Prize <\/strong>Litoral Architecture Awards, for his body of work.<\/p>\t\t\t\t\t\t\t\t<\/div>\n\t\t\t\t<\/div>\n\t\t\t\t<div class=\"elementor-element elementor-element-951a5b6 elementor-widget-tablet__width-initial elementor-widget elementor-widget-text-editor\" data-id=\"951a5b6\" data-element_type=\"widget\" data-e-type=\"widget\" data-widget_type=\"text-editor.default\">\n\t\t\t\t<div class=\"elementor-widget-container\">\n\t\t\t\t\t\t\t\t\t<p style=\"font-weight: 400;\"><strong>2015<\/strong><\/p><p style=\"font-weight: 400;\"><strong>1st Prize <\/strong>Oliveira de Frades Urban Park.<\/p>\t\t\t\t\t\t\t\t<\/div>\n\t\t\t\t<\/div>\n\t\t\t\t<div class=\"elementor-element elementor-element-bf73fc0 elementor-widget-tablet__width-initial elementor-widget elementor-widget-text-editor\" data-id=\"bf73fc0\" data-element_type=\"widget\" data-e-type=\"widget\" data-widget_type=\"text-editor.default\">\n\t\t\t\t<div class=\"elementor-widget-container\">\n\t\t\t\t\t\t\t\t\t<p style=\"font-weight: 400;\"><strong>2012<\/strong><\/p><p style=\"font-weight: 400;\"><strong>1st Prize<\/strong> Figueira da Foz Seafront \u2013 Buarcos, Municipality of Figueira da Foz.<\/p>\t\t\t\t\t\t\t\t<\/div>\n\t\t\t\t<\/div>\n\t\t\t\t<div class=\"elementor-element elementor-element-bfa936d elementor-widget-tablet__width-initial elementor-widget elementor-widget-text-editor\" data-id=\"bfa936d\" data-element_type=\"widget\" data-e-type=\"widget\" data-widget_type=\"text-editor.default\">\n\t\t\t\t<div class=\"elementor-widget-container\">\n\t\t\t\t\t\t\t\t\t<p style=\"font-weight: 400;\"><strong>2010<\/strong><\/p><p style=\"font-weight: 400;\"><strong>Honourable Mention<\/strong> Vale da G\u00e2ndara Award 2007\u201309, for the Farol building \u2013 Praia da Barra.<\/p>\t\t\t\t\t\t\t\t<\/div>\n\t\t\t\t<\/div>\n\t\t\t\t<div class=\"elementor-element elementor-element-e2d5382 elementor-widget-tablet__width-initial elementor-widget elementor-widget-text-editor\" data-id=\"e2d5382\" data-element_type=\"widget\" data-e-type=\"widget\" data-widget_type=\"text-editor.default\">\n\t\t\t\t<div class=\"elementor-widget-container\">\n\t\t\t\t\t\t\t\t\t<p style=\"font-weight: 400;\"><strong>2007<\/strong><\/p><p style=\"font-weight: 400;\"><strong>Honourable Mention<\/strong>\u00a0Aveiro Municipal Architecture and Urban Planning Award.<\/p>\t\t\t\t\t\t\t\t<\/div>\n\t\t\t\t<\/div>\n\t\t\t\t<div class=\"elementor-element elementor-element-6d5c1e1 elementor-widget-tablet__width-initial elementor-widget elementor-widget-text-editor\" data-id=\"6d5c1e1\" data-element_type=\"widget\" data-e-type=\"widget\" data-widget_type=\"text-editor.default\">\n\t\t\t\t<div class=\"elementor-widget-container\">\n\t\t\t\t\t\t\t\t\t<p style=\"font-weight: 400;\"><strong>2005<\/strong><\/p><p style=\"font-weight: 400;\"><strong>Architecture Award <\/strong>and Urban Planning in Aveiro, 2000\u20132003.<\/p>\t\t\t\t\t\t\t\t<\/div>\n\t\t\t\t<\/div>\n\t\t\t\t<div class=\"elementor-element elementor-element-d26a52e elementor-widget-tablet__width-initial elementor-widget elementor-widget-text-editor\" data-id=\"d26a52e\" data-element_type=\"widget\" data-e-type=\"widget\" data-widget_type=\"text-editor.default\">\n\t\t\t\t<div class=\"elementor-widget-container\">\n\t\t\t\t\t\t\t\t\t<p style=\"font-weight: 400;\"><strong>2001<\/strong><\/p><p style=\"font-weight: 400;\"><strong>4th Prize <\/strong>Europan 6 \u2013 Netherlands, for Amsterdam-Noord, Elzenhage.<\/p>\t\t\t\t\t\t\t\t<\/div>\n\t\t\t\t<\/div>\n\t\t\t\t<div class=\"elementor-element elementor-element-b6fb339 elementor-widget-tablet__width-initial elementor-widget elementor-widget-text-editor\" data-id=\"b6fb339\" data-element_type=\"widget\" data-e-type=\"widget\" data-widget_type=\"text-editor.default\">\n\t\t\t\t<div class=\"elementor-widget-container\">\n\t\t\t\t\t\t\t\t\t<p style=\"font-weight: 400;\"><strong>1997<\/strong><\/p><p style=\"font-weight: 400;\"><strong>5th Prize <\/strong>Remodela\u00e7\u00e3o\/amplia\u00e7\u00e3o do Museu Mar\u00edtimo de \u00cdlhavo.<\/p>\t\t\t\t\t\t\t\t<\/div>\n\t\t\t\t<\/div>\n\t\t\t\t<div class=\"elementor-element elementor-element-9c33932 elementor-widget-tablet__width-initial elementor-widget elementor-widget-text-editor\" data-id=\"9c33932\" data-element_type=\"widget\" data-e-type=\"widget\" data-widget_type=\"text-editor.default\">\n\t\t\t\t<div class=\"elementor-widget-container\">\n\t\t\t\t\t\t\t\t\t<p style=\"font-weight: 400;\"><strong>1996<\/strong><\/p><p style=\"font-weight: 400;\"><strong>4th Prize <\/strong>Central Teaching Unit of the University of Coimbra.<\/p>\t\t\t\t\t\t\t\t<\/div>\n\t\t\t\t<\/div>\n\t\t\t\t<div class=\"elementor-element elementor-element-1dcf861 elementor-widget-tablet__width-initial elementor-widget elementor-widget-text-editor\" data-id=\"1dcf861\" data-element_type=\"widget\" data-e-type=\"widget\" data-widget_type=\"text-editor.default\">\n\t\t\t\t<div class=\"elementor-widget-container\">\n\t\t\t\t\t\t\t\t\t<p style=\"font-weight: 400;\"><strong>1991<\/strong><\/p><p style=\"font-weight: 400;\"><strong>Honourable Mention <\/strong>Funda\u00e7\u00e3o Ant\u00f3nio Sardinha, Albarraque, Sintra.<\/p>\t\t\t\t\t\t\t\t<\/div>\n\t\t\t\t<\/div>\n\t\t\t\t<div class=\"elementor-element elementor-element-d8e8d3d elementor-widget-tablet__width-initial elementor-widget elementor-widget-text-editor\" data-id=\"d8e8d3d\" data-element_type=\"widget\" data-e-type=\"widget\" data-widget_type=\"text-editor.default\">\n\t\t\t\t<div class=\"elementor-widget-container\">\n\t\t\t\t\t\t\t\t\t<p style=\"font-weight: 400;\"><strong>1991<\/strong><\/p><p style=\"font-weight: 400;\"><strong>2nd Prize<\/strong> University of Minho Teaching Complex II, Braga.<\/p>\t\t\t\t\t\t\t\t<\/div>\n\t\t\t\t<\/div>\n\t\t\t\t<\/div>\n\t\t\t\t<\/div>\n\t\t<div class=\"elementor-element elementor-element-8339ca8 e-con-full e-flex parallax_section_no qode_elementor_container_no e-con e-parent\" data-id=\"8339ca8\" data-element_type=\"container\" data-e-type=\"container\" data-settings=\"{&quot;background_background&quot;:&quot;classic&quot;}\">\n\t\t<div class=\"elementor-element elementor-element-171720f e-con-full e-flex parallax_section_no qode_elementor_container_no e-con e-child\" data-id=\"171720f\" data-element_type=\"container\" data-e-type=\"container\">\n\t\t\t\t<div class=\"elementor-element elementor-element-ba980c7 elementor-widget elementor-widget-heading\" data-id=\"ba980c7\" data-element_type=\"widget\" data-e-type=\"widget\" data-widget_type=\"heading.default\">\n\t\t\t\t<div class=\"elementor-widget-container\">\n\t\t\t\t\t<h6 class=\"elementor-heading-title elementor-size-default\">Projects<\/h6>\t\t\t\t<\/div>\n\t\t\t\t<\/div>\n\t\t\t\t<div class=\"elementor-element elementor-element-ba777e8 elementor-widget elementor-widget-bridge_button_v2\" data-id=\"ba777e8\" data-element_type=\"widget\" data-e-type=\"widget\" data-widget_type=\"bridge_button_v2.default\">\n\t\t\t\t<div class=\"elementor-widget-container\">\n\t\t\t\t\t\n\n\t<a href=\"https:\/\/www.rvdm.pt\/en\/projectos\/\" target=\"_self\" style=\"font-family: space grotesk;font-size: 18px;font-weight: 400\" class=\"qode-btn qode-btn-medium qode-btn-simple\"  >\n\t    <span class=\"qode-btn-text\">View projects<\/span>\t<\/a>\n\n\t\t\t\t<\/div>\n\t\t\t\t<\/div>\n\t\t\t\t<\/div>\n\t\t<div class=\"elementor-element elementor-element-9723e32 e-con-full e-flex parallax_section_no qode_elementor_container_no e-con e-child\" data-id=\"9723e32\" data-element_type=\"container\" data-e-type=\"container\">\n\t\t\t\t<div class=\"elementor-element elementor-element-eddec2f qodef-navigation-together--bottom elementor-widget elementor-widget-qi_addons_for_elementor_image_slider\" data-id=\"eddec2f\" data-element_type=\"widget\" data-e-type=\"widget\" data-widget_type=\"qi_addons_for_elementor_image_slider.default\">\n\t\t\t\t<div class=\"elementor-widget-container\">\n\t\t\t\t\t<div class=\"qodef-shortcode qodef-m qodef-qi-image-slider qodef-col-num--1 qodef-qi-grid qodef-qi-swiper-container qodef-navigation--together qodef-navigation-alignment--flex-end qodef-navigation--hover-move\" data-options=\"{&quot;direction&quot;:&quot;horizontal&quot;,&quot;slidesPerView&quot;:&quot;1&quot;,&quot;spaceBetween&quot;:8,&quot;spaceBetweenTablet&quot;:30,&quot;spaceBetweenMobile&quot;:30,&quot;effect&quot;:&quot;slide&quot;,&quot;loop&quot;:true,&quot;autoplay&quot;:true,&quot;centeredSlides&quot;:false,&quot;speed&quot;:&quot;&quot;,&quot;speedAnimation&quot;:&quot;&quot;,&quot;outsideNavigation&quot;:&quot;yes&quot;,&quot;outsidePagination&quot;:&quot;no&quot;,&quot;unique&quot;:7,&quot;partialValue&quot;:0.28,&quot;disablePartialValue&quot;:&quot;680&quot;,&quot;parallax&quot;:&quot;no&quot;,&quot;customStages&quot;:true,&quot;slidesPerView1680&quot;:&quot;3&quot;,&quot;slidesPerView1440&quot;:&quot;1&quot;,&quot;slidesPerView1366&quot;:&quot;1&quot;,&quot;slidesPerView1024&quot;:&quot;1&quot;,&quot;slidesPerView768&quot;:&quot;1&quot;,&quot;slidesPerView680&quot;:&quot;1&quot;,&quot;slidesPerView480&quot;:&quot;1&quot;}\">\n\t<div class=\"swiper-wrapper\">\n\t\t<div class=\"qodef-e swiper-slide\">\n\t<div class=\"qodef-e-inner\">\n\t\t<div class=\"qodef-e-inner-holder\">\n\t\t\t\t\t\t\t<img fetchpriority=\"high\" decoding=\"async\" width=\"2000\" height=\"1000\" src=\"https:\/\/www.rvdm.pt\/wp-content\/uploads\/2017\/01\/RVDM-MULTIUSOS-ANEL-D-ARTES-5.jpg\" class=\"attachment-full size-full\" alt=\"\" srcset=\"https:\/\/www.rvdm.pt\/wp-content\/uploads\/2017\/01\/RVDM-MULTIUSOS-ANEL-D-ARTES-5.jpg 2000w, https:\/\/www.rvdm.pt\/wp-content\/uploads\/2017\/01\/RVDM-MULTIUSOS-ANEL-D-ARTES-5-300x150.jpg 300w, https:\/\/www.rvdm.pt\/wp-content\/uploads\/2017\/01\/RVDM-MULTIUSOS-ANEL-D-ARTES-5-1024x512.jpg 1024w, https:\/\/www.rvdm.pt\/wp-content\/uploads\/2017\/01\/RVDM-MULTIUSOS-ANEL-D-ARTES-5-768x384.jpg 768w, https:\/\/www.rvdm.pt\/wp-content\/uploads\/2017\/01\/RVDM-MULTIUSOS-ANEL-D-ARTES-5-1536x768.jpg 1536w, https:\/\/www.rvdm.pt\/wp-content\/uploads\/2017\/01\/RVDM-MULTIUSOS-ANEL-D-ARTES-5-1000x500.jpg 1000w, https:\/\/www.rvdm.pt\/wp-content\/uploads\/2017\/01\/RVDM-MULTIUSOS-ANEL-D-ARTES-5-700x350.jpg 700w, https:\/\/www.rvdm.pt\/wp-content\/uploads\/2017\/01\/RVDM-MULTIUSOS-ANEL-D-ARTES-5-1300x650.jpg 1300w\" sizes=\"(max-width: 2000px) 100vw, 2000px\" \/>\t\t\t\t\t<\/div>\n\t<\/div>\n\t<\/div>\n<div class=\"qodef-e swiper-slide\">\n\t<div class=\"qodef-e-inner\">\n\t\t<div class=\"qodef-e-inner-holder\">\n\t\t\t\t\t\t\t<img decoding=\"async\" width=\"2000\" height=\"1000\" src=\"https:\/\/www.rvdm.pt\/wp-content\/uploads\/2024\/01\/RVDM-CIRA-2.jpg\" class=\"attachment-full size-full\" alt=\"\" srcset=\"https:\/\/www.rvdm.pt\/wp-content\/uploads\/2024\/01\/RVDM-CIRA-2.jpg 2000w, https:\/\/www.rvdm.pt\/wp-content\/uploads\/2024\/01\/RVDM-CIRA-2-300x150.jpg 300w, https:\/\/www.rvdm.pt\/wp-content\/uploads\/2024\/01\/RVDM-CIRA-2-1024x512.jpg 1024w, https:\/\/www.rvdm.pt\/wp-content\/uploads\/2024\/01\/RVDM-CIRA-2-768x384.jpg 768w, https:\/\/www.rvdm.pt\/wp-content\/uploads\/2024\/01\/RVDM-CIRA-2-1536x768.jpg 1536w, https:\/\/www.rvdm.pt\/wp-content\/uploads\/2024\/01\/RVDM-CIRA-2-1000x500.jpg 1000w, https:\/\/www.rvdm.pt\/wp-content\/uploads\/2024\/01\/RVDM-CIRA-2-700x350.jpg 700w, https:\/\/www.rvdm.pt\/wp-content\/uploads\/2024\/01\/RVDM-CIRA-2-1300x650.jpg 1300w\" sizes=\"(max-width: 2000px) 100vw, 2000px\" \/>\t\t\t\t\t<\/div>\n\t<\/div>\n\t<\/div>\n<div class=\"qodef-e swiper-slide\">\n\t<div class=\"qodef-e-inner\">\n\t\t<div class=\"qodef-e-inner-holder\">\n\t\t\t\t\t\t\t<img decoding=\"async\" width=\"2000\" height=\"1000\" src=\"https:\/\/www.rvdm.pt\/wp-content\/uploads\/2009\/01\/RVDM-ARRIVA-1.jpg\" class=\"attachment-full size-full\" alt=\"\" srcset=\"https:\/\/www.rvdm.pt\/wp-content\/uploads\/2009\/01\/RVDM-ARRIVA-1.jpg 2000w, https:\/\/www.rvdm.pt\/wp-content\/uploads\/2009\/01\/RVDM-ARRIVA-1-300x150.jpg 300w, https:\/\/www.rvdm.pt\/wp-content\/uploads\/2009\/01\/RVDM-ARRIVA-1-1024x512.jpg 1024w, https:\/\/www.rvdm.pt\/wp-content\/uploads\/2009\/01\/RVDM-ARRIVA-1-768x384.jpg 768w, https:\/\/www.rvdm.pt\/wp-content\/uploads\/2009\/01\/RVDM-ARRIVA-1-1536x768.jpg 1536w, https:\/\/www.rvdm.pt\/wp-content\/uploads\/2009\/01\/RVDM-ARRIVA-1-1000x500.jpg 1000w, https:\/\/www.rvdm.pt\/wp-content\/uploads\/2009\/01\/RVDM-ARRIVA-1-700x350.jpg 700w, https:\/\/www.rvdm.pt\/wp-content\/uploads\/2009\/01\/RVDM-ARRIVA-1-1300x650.jpg 1300w\" sizes=\"(max-width: 2000px) 100vw, 2000px\" \/>\t\t\t\t\t<\/div>\n\t<\/div>\n\t<\/div>\n<div class=\"qodef-e swiper-slide\">\n\t<div class=\"qodef-e-inner\">\n\t\t<div class=\"qodef-e-inner-holder\">\n\t\t\t\t\t\t\t<img loading=\"lazy\" decoding=\"async\" width=\"2000\" height=\"1000\" src=\"https:\/\/www.rvdm.pt\/wp-content\/uploads\/2025\/01\/RVDM-BUARCOS-3.jpg\" class=\"attachment-full size-full\" alt=\"\" srcset=\"https:\/\/www.rvdm.pt\/wp-content\/uploads\/2025\/01\/RVDM-BUARCOS-3.jpg 2000w, https:\/\/www.rvdm.pt\/wp-content\/uploads\/2025\/01\/RVDM-BUARCOS-3-300x150.jpg 300w, https:\/\/www.rvdm.pt\/wp-content\/uploads\/2025\/01\/RVDM-BUARCOS-3-1024x512.jpg 1024w, https:\/\/www.rvdm.pt\/wp-content\/uploads\/2025\/01\/RVDM-BUARCOS-3-768x384.jpg 768w, https:\/\/www.rvdm.pt\/wp-content\/uploads\/2025\/01\/RVDM-BUARCOS-3-1536x768.jpg 1536w, https:\/\/www.rvdm.pt\/wp-content\/uploads\/2025\/01\/RVDM-BUARCOS-3-1000x500.jpg 1000w, https:\/\/www.rvdm.pt\/wp-content\/uploads\/2025\/01\/RVDM-BUARCOS-3-700x350.jpg 700w, https:\/\/www.rvdm.pt\/wp-content\/uploads\/2025\/01\/RVDM-BUARCOS-3-1300x650.jpg 1300w\" sizes=\"(max-width: 2000px) 100vw, 2000px\" \/>\t\t\t\t\t<\/div>\n\t<\/div>\n\t<\/div>\n\t<\/div>\n\t<\/div>\n\t\t\t<div class=\"qodef-swiper-together-nav\">\n\t\t\t<div class=\"qodef-swiper-together-inner\">\n\t\t<div class=\"swiper-button-prev swiper-button-outside swiper-button-prev-7\"><svg class=\"qodef-swiper-arrow-left\" xmlns=\"http:\/\/www.w3.org\/2000\/svg\" x=\"0px\" y=\"0px\" viewbox=\"0 0 34.2 32.3\" xml:space=\"preserve\" style=\"stroke-width: 2;\"><line x1=\"0.5\" y1=\"16\" x2=\"33.5\" y2=\"16\"\/><line x1=\"0.3\" y1=\"16.5\" x2=\"16.2\" y2=\"0.7\"\/><line x1=\"0\" y1=\"15.4\" x2=\"16.2\" y2=\"31.6\"\/><\/svg><\/div>\n\t<div class=\"swiper-button-next swiper-button-outside swiper-button-next-7\"><svg class=\"qodef-swiper-arrow-right\" xmlns=\"http:\/\/www.w3.org\/2000\/svg\" x=\"0px\" y=\"0px\" viewbox=\"0 0 34.2 32.3\" xml:space=\"preserve\" style=\"stroke-width: 2;\"><line x1=\"0\" y1=\"16\" x2=\"33\" y2=\"16\"\/><line x1=\"17.3\" y1=\"0.7\" x2=\"33.2\" y2=\"16.5\"\/><line x1=\"17.3\" y1=\"31.6\" x2=\"33.5\" y2=\"15.4\"\/><\/svg><\/div>\n\t\t\t\t<\/div>\n\t\t<\/div>\n\t\t\t\t\t<\/div>\n\t\t\t\t<\/div>\n\t\t\t\t<\/div>\n\t\t\t\t<\/div>\n\t\t\t\t<\/div>","protected":false},"excerpt":{"rendered":"<p>RVDM, arquitectos fundada em 1997&#8230;<\/p>","protected":false},"author":2,"featured_media":0,"parent":0,"menu_order":0,"comment_status":"closed","ping_status":"closed","template":"full_width.php","meta":{"footnotes":""},"class_list":["post-9555","page","type-page","status-publish","hentry"],"_links":{"self":[{"href":"https:\/\/www.rvdm.pt\/en\/wp-json\/wp\/v2\/pages\/9555","targetHints":{"allow":["GET"]}}],"collection":[{"href":"https:\/\/www.rvdm.pt\/en\/wp-json\/wp\/v2\/pages"}],"about":[{"href":"https:\/\/www.rvdm.pt\/en\/wp-json\/wp\/v2\/types\/page"}],"author":[{"embeddable":true,"href":"https:\/\/www.rvdm.pt\/en\/wp-json\/wp\/v2\/users\/2"}],"replies":[{"embeddable":true,"href":"https:\/\/www.rvdm.pt\/en\/wp-json\/wp\/v2\/comments?post=9555"}],"version-history":[{"count":112,"href":"https:\/\/www.rvdm.pt\/en\/wp-json\/wp\/v2\/pages\/9555\/revisions"}],"predecessor-version":[{"id":16426,"href":"https:\/\/www.rvdm.pt\/en\/wp-json\/wp\/v2\/pages\/9555\/revisions\/16426"}],"wp:attachment":[{"href":"https:\/\/www.rvdm.pt\/en\/wp-json\/wp\/v2\/media?parent=9555"}],"curies":[{"name":"wp","href":"https:\/\/api.w.org\/{rel}","templated":true}]}}